{"id":29068,"date":"2024-06-26T15:11:08","date_gmt":"2024-06-26T14:11:08","guid":{"rendered":"https:\/\/visitaltotamegaebarroso.pt\/events\/chaves-forum-magazin-nr-8-aus-dem-transmontano-galaic-forum\/"},"modified":"2024-06-26T15:11:08","modified_gmt":"2024-06-26T14:11:08","slug":"chaves-forum-magazin-nr-8-aus-dem-transmontano-galaic-forum","status":"publish","type":"mec-events","link":"https:\/\/visitaltotamegaebarroso.pt\/de\/events\/chaves-forum-magazin-nr-8-aus-dem-transmontano-galaic-forum\/","title":{"rendered":"Chaves | F\u00f3rum Magazin Nr. 8, aus dem Transmontano Galaic Forum"},"content":{"rendered":"<p>Das F\u00f3rum Galaico Transmontano &#8211; C\u00edrculo de Estudos e Divulga\u00e7\u00e3o pr\u00e4sentiert das Forum Magazin Nr. 8, das einen Blick auf &#8222;Rund um den T\u00e2mega&#8220; wirft, hier und jenseits der Grenze, die uns verbindet und nicht mehr trennt. Es ist die Wiederaufnahme der kulturellen Aktivit\u00e4ten, die es uns erm\u00f6glicht, unsere beiden Schwesternationen, die Galicier und die Tr\u00e1s-os-Montes, besser kennen zu lernen. Schlie\u00dflich sind wir ein Volk: Abgesehen von unseren historischen Urspr\u00fcngen sind wir in vielerlei Hinsicht miteinander verbunden: sozial, kulturell und famili\u00e4r, und wir haben sogar einen gemeinsamen sprachlichen Ursprung. Galicische und portugiesische Autoren, Mitarbeiter und Freunde haben zu dieser Ausgabe von F\u00f3rum beigetragen.<\/p>\n<p>Organisiert von: F\u00f3rum Galaico Transmontano &#8211; C\u00edrculo de Estudos e Divulga\u00e7\u00e3o<\/p>\n<p>Unterst\u00fctzung: Stadtverwaltung von Chaves<\/p>\n","protected":false},"excerpt":{"rendered":"<p>Das F\u00f3rum Galaico Transmontano &#8211; C\u00edrculo de Estudos e Divulga\u00e7\u00e3o pr\u00e4sentiert das Forum Magazin Nr. 8, das einen Blick auf &#8222;Rund um den T\u00e2mega&#8220; wirft, hier und jenseits der Grenze, die uns verbindet und nicht mehr trennt. Es ist die [&hellip;]<\/p>\n","protected":false},"author":5,"featured_media":29064,"comment_status":"closed","ping_status":"closed","template":"","tags":[],"mec_category":[717],"_links":{"self":[{"href":"https:\/\/visitaltotamegaebarroso.pt\/de\/wp-json\/wp\/v2\/mec-events\/29068"}],"collection":[{"href":"https:\/\/visitaltotamegaebarroso.pt\/de\/wp-json\/wp\/v2\/mec-events"}],"about":[{"href":"https:\/\/visitaltotamegaebarroso.pt\/de\/wp-json\/wp\/v2\/types\/mec-events"}],"author":[{"embeddable":true,"href":"https:\/\/visitaltotamegaebarroso.pt\/de\/wp-json\/wp\/v2\/users\/5"}],"replies":[{"embeddable":true,"href":"https:\/\/visitaltotamegaebarroso.pt\/de\/wp-json\/wp\/v2\/comments?post=29068"}],"wp:featuredmedia":[{"embeddable":true,"href":"https:\/\/visitaltotamegaebarroso.pt\/de\/wp-json\/wp\/v2\/media\/29064"}],"wp:attachment":[{"href":"https:\/\/visitaltotamegaebarroso.pt\/de\/wp-json\/wp\/v2\/media?parent=29068"}],"wp:term":[{"taxonomy":"post_tag","embeddable":true,"href":"https:\/\/visitaltotamegaebarroso.pt\/de\/wp-json\/wp\/v2\/tags?post=29068"},{"taxonomy":"mec_category","embeddable":true,"href":"https:\/\/visitaltotamegaebarroso.pt\/de\/wp-json\/wp\/v2\/mec_category?post=29068"}],"curies":[{"name":"wp","href":"https:\/\/api.w.org\/{rel}","templated":true}]}}