{"id":28727,"date":"2024-06-13T12:14:17","date_gmt":"2024-06-13T11:14:17","guid":{"rendered":"https:\/\/visitaltotamegaebarroso.pt\/events\/chaves-freude-an-den-jahren-schenken\/"},"modified":"2024-06-13T12:14:17","modified_gmt":"2024-06-13T11:14:17","slug":"chaves-freude-an-den-jahren-schenken","status":"publish","type":"mec-events","link":"https:\/\/visitaltotamegaebarroso.pt\/de\/events\/chaves-freude-an-den-jahren-schenken\/","title":{"rendered":"Chaves | Freude an den Jahren schenken"},"content":{"rendered":"<div><\/div>\n<div>Mit dem Ziel, eine proaktive Haltung zu schaffen, wird dieser Sonntagstreff von der Gruppe &#8222;Music Star&#8220; musikalisch untermalt und bietet eine zunehmend aktive und partizipative B\u00fcrgerschaft, mit viel Spa\u00df und Freude obendrein. Die St\u00e4rkung der verschiedenen Generationen zur F\u00f6rderung der Solidarit\u00e4t, des Kooperativismus und des Respekts f\u00fcr die unterschiedlichen Bed\u00fcrfnisse und M\u00f6glichkeiten, die mit jedem Alter verbunden sind, tr\u00e4gt zum sozialen Aufbau eines aktiven und gesunden Alterns bei. Menschen, die positive Aktivit\u00e4ten erleben, haben ein besseres Selbst- und Weltbild und k\u00f6nnen besser mit Krankheit, Stress und anderen Schwierigkeiten umgehen. Das Projekt &#8222;Gesundes Altern&#8220; ist Teil des Paktes f\u00fcr die Entwicklung und den territorialen Zusammenhalt von Alto T\u00e2mega und f\u00f6rdert das ganze Jahr \u00fcber thematische Veranstaltungen und Feste.<\/div>\n<div>MUSIKGRUPPE &#8222;\u00c1FRICA STAR<\/div>\n<div><\/div>\n<div>Veranstalter: Stadtverwaltung von Chaves<\/div>\n","protected":false},"excerpt":{"rendered":"<p>Mit dem Ziel, eine proaktive Haltung zu schaffen, wird dieser Sonntagstreff von der Gruppe &#8222;Music Star&#8220; musikalisch untermalt und bietet eine zunehmend aktive und partizipative B\u00fcrgerschaft, mit viel Spa\u00df und Freude obendrein. Die St\u00e4rkung der verschiedenen Generationen zur F\u00f6rderung der [&hellip;]<\/p>\n","protected":false},"author":5,"featured_media":28723,"comment_status":"closed","ping_status":"closed","template":"","tags":[],"mec_category":[717],"_links":{"self":[{"href":"https:\/\/visitaltotamegaebarroso.pt\/de\/wp-json\/wp\/v2\/mec-events\/28727"}],"collection":[{"href":"https:\/\/visitaltotamegaebarroso.pt\/de\/wp-json\/wp\/v2\/mec-events"}],"about":[{"href":"https:\/\/visitaltotamegaebarroso.pt\/de\/wp-json\/wp\/v2\/types\/mec-events"}],"author":[{"embeddable":true,"href":"https:\/\/visitaltotamegaebarroso.pt\/de\/wp-json\/wp\/v2\/users\/5"}],"replies":[{"embeddable":true,"href":"https:\/\/visitaltotamegaebarroso.pt\/de\/wp-json\/wp\/v2\/comments?post=28727"}],"wp:featuredmedia":[{"embeddable":true,"href":"https:\/\/visitaltotamegaebarroso.pt\/de\/wp-json\/wp\/v2\/media\/28723"}],"wp:attachment":[{"href":"https:\/\/visitaltotamegaebarroso.pt\/de\/wp-json\/wp\/v2\/media?parent=28727"}],"wp:term":[{"taxonomy":"post_tag","embeddable":true,"href":"https:\/\/visitaltotamegaebarroso.pt\/de\/wp-json\/wp\/v2\/tags?post=28727"},{"taxonomy":"mec_category","embeddable":true,"href":"https:\/\/visitaltotamegaebarroso.pt\/de\/wp-json\/wp\/v2\/mec_category?post=28727"}],"curies":[{"name":"wp","href":"https:\/\/api.w.org\/{rel}","templated":true}]}}