{"id":28628,"date":"2024-06-09T11:11:38","date_gmt":"2024-06-09T10:11:38","guid":{"rendered":"https:\/\/visitaltotamegaebarroso.pt\/events\/chaves-kinderliederfestival\/"},"modified":"2024-06-09T11:11:38","modified_gmt":"2024-06-09T10:11:38","slug":"chaves-kinderliederfestival","status":"publish","type":"mec-events","link":"https:\/\/visitaltotamegaebarroso.pt\/de\/events\/chaves-kinderliederfestival\/","title":{"rendered":"Chaves | Kinderliederfestival"},"content":{"rendered":"<div>Mehr als 700 Kinder werden beim n\u00e4chsten Kinderliederfestival, das am 15. Juni ab 21.00 Uhr stattfindet, auf der B\u00fchne stehen. Diese Veranstaltung, die bereits 21 Mal stattgefunden hat, hat sich zu einem festen Bestandteil des Kulturprogramms von Flavi entwickelt.<\/div>\n<div><\/div>\n<div>Der Abend verspricht, von den Menschenmassen gepr\u00e4gt zu werden, die jedes Jahr zum Largo General Silveira str\u00f6men, um die musikalischen und t\u00e4nzerischen Talente dieser jungen K\u00fcnstler, Kinder und Jugendliche aus 18 \u00f6ffentlichen und privaten Schulen in Chaves, zu genie\u00dfen.<\/div>\n<div><\/div>\n<div>Die Veranstaltung wird wieder von Ana Bravo und Santiago Lago\u00e1 moderiert. Die Unterhaltung ist garantiert und die Einwohner von Chaves werden die Gelegenheit haben, eine magische und unvergessliche Festnacht zu erleben und zu genie\u00dfen.<\/div>\n<div><\/div>\n<div>Die Initiative wird von der Stadtverwaltung von Chaves und dem Pfarrgemeinderat von Santa Maria Maior organisiert.<\/div>\n","protected":false},"excerpt":{"rendered":"<p>Mehr als 700 Kinder werden beim n\u00e4chsten Kinderliederfestival, das am 15. Juni ab 21.00 Uhr stattfindet, auf der B\u00fchne stehen. Diese Veranstaltung, die bereits 21 Mal stattgefunden hat, hat sich zu einem festen Bestandteil des Kulturprogramms von Flavi entwickelt. Der [&hellip;]<\/p>\n","protected":false},"author":5,"featured_media":28624,"comment_status":"closed","ping_status":"closed","template":"","tags":[],"mec_category":[717],"_links":{"self":[{"href":"https:\/\/visitaltotamegaebarroso.pt\/de\/wp-json\/wp\/v2\/mec-events\/28628"}],"collection":[{"href":"https:\/\/visitaltotamegaebarroso.pt\/de\/wp-json\/wp\/v2\/mec-events"}],"about":[{"href":"https:\/\/visitaltotamegaebarroso.pt\/de\/wp-json\/wp\/v2\/types\/mec-events"}],"author":[{"embeddable":true,"href":"https:\/\/visitaltotamegaebarroso.pt\/de\/wp-json\/wp\/v2\/users\/5"}],"replies":[{"embeddable":true,"href":"https:\/\/visitaltotamegaebarroso.pt\/de\/wp-json\/wp\/v2\/comments?post=28628"}],"wp:featuredmedia":[{"embeddable":true,"href":"https:\/\/visitaltotamegaebarroso.pt\/de\/wp-json\/wp\/v2\/media\/28624"}],"wp:attachment":[{"href":"https:\/\/visitaltotamegaebarroso.pt\/de\/wp-json\/wp\/v2\/media?parent=28628"}],"wp:term":[{"taxonomy":"post_tag","embeddable":true,"href":"https:\/\/visitaltotamegaebarroso.pt\/de\/wp-json\/wp\/v2\/tags?post=28628"},{"taxonomy":"mec_category","embeddable":true,"href":"https:\/\/visitaltotamegaebarroso.pt\/de\/wp-json\/wp\/v2\/mec_category?post=28628"}],"curies":[{"name":"wp","href":"https:\/\/api.w.org\/{rel}","templated":true}]}}