{"id":28552,"date":"2024-06-02T10:26:53","date_gmt":"2024-06-02T09:26:53","guid":{"rendered":"https:\/\/visitaltotamegaebarroso.pt\/events\/chaves-ausstellung-unsere-kuenstler\/"},"modified":"2024-06-02T10:26:53","modified_gmt":"2024-06-02T09:26:53","slug":"chaves-ausstellung-unsere-kuenstler","status":"publish","type":"mec-events","link":"https:\/\/visitaltotamegaebarroso.pt\/de\/events\/chaves-ausstellung-unsere-kuenstler\/","title":{"rendered":"Chaves | Ausstellung: Unsere K\u00fcnstler"},"content":{"rendered":"<p>Im kommenden Juni wird in der Stadtbibliothek eine kreative Gem\u00e4ldeausstellung von Ricardo Costa zu sehen sein, die eine breite Palette von Werken voller Farben und Licht zeigt. Diese \u00f6ffentliche Pr\u00e4sentation, die am Dienstag, den 4. Juni um 17.30 Uhr er\u00f6ffnet wird, ist das Ergebnis einer gro\u00dfen Ermutigung durch Familie und Freunde.<\/p>\n<p>Der in Lebu\u00e7\u00e3o geborene K\u00fcnstler, der seit 2002 in Chaves lebt, wo er als Immobilienmakler arbeitet, ist Autodidakt. Er begann mit Kohlezeichnungen und wechselte 2006 zur Acrylmalerei.<\/p>\n<p>Um 2011 h\u00f6rte er auf zu malen, kehrte aber w\u00e4hrend der dramatischen COVID-Periode zur Malerei zur\u00fcck. Mit der Kunst f\u00fcllte er seine Zeit und seinen Geist. Er hat bereits mehrere Einzel- und Gruppenausstellungen durchgef\u00fchrt.<\/p>\n","protected":false},"excerpt":{"rendered":"<p>Im kommenden Juni wird in der Stadtbibliothek eine kreative Gem\u00e4ldeausstellung von Ricardo Costa zu sehen sein, die eine breite Palette von Werken voller Farben und Licht zeigt. Diese \u00f6ffentliche Pr\u00e4sentation, die am Dienstag, den 4. Juni um 17.30 Uhr er\u00f6ffnet [&hellip;]<\/p>\n","protected":false},"author":5,"featured_media":27968,"comment_status":"closed","ping_status":"closed","template":"","tags":[],"mec_category":[717],"_links":{"self":[{"href":"https:\/\/visitaltotamegaebarroso.pt\/de\/wp-json\/wp\/v2\/mec-events\/28552"}],"collection":[{"href":"https:\/\/visitaltotamegaebarroso.pt\/de\/wp-json\/wp\/v2\/mec-events"}],"about":[{"href":"https:\/\/visitaltotamegaebarroso.pt\/de\/wp-json\/wp\/v2\/types\/mec-events"}],"author":[{"embeddable":true,"href":"https:\/\/visitaltotamegaebarroso.pt\/de\/wp-json\/wp\/v2\/users\/5"}],"replies":[{"embeddable":true,"href":"https:\/\/visitaltotamegaebarroso.pt\/de\/wp-json\/wp\/v2\/comments?post=28552"}],"wp:featuredmedia":[{"embeddable":true,"href":"https:\/\/visitaltotamegaebarroso.pt\/de\/wp-json\/wp\/v2\/media\/27968"}],"wp:attachment":[{"href":"https:\/\/visitaltotamegaebarroso.pt\/de\/wp-json\/wp\/v2\/media?parent=28552"}],"wp:term":[{"taxonomy":"post_tag","embeddable":true,"href":"https:\/\/visitaltotamegaebarroso.pt\/de\/wp-json\/wp\/v2\/tags?post=28552"},{"taxonomy":"mec_category","embeddable":true,"href":"https:\/\/visitaltotamegaebarroso.pt\/de\/wp-json\/wp\/v2\/mec_category?post=28552"}],"curies":[{"name":"wp","href":"https:\/\/api.w.org\/{rel}","templated":true}]}}