{"id":24809,"date":"2024-01-03T11:37:07","date_gmt":"2024-01-03T11:37:07","guid":{"rendered":"https:\/\/visitaltotamegaebarroso.pt\/events\/viii-transcavado\/"},"modified":"2024-01-03T11:37:07","modified_gmt":"2024-01-03T11:37:07","slug":"viii-transcavado","status":"publish","type":"mec-events","link":"https:\/\/visitaltotamegaebarroso.pt\/de\/events\/viii-transcavado\/","title":{"rendered":"VIII. Transc\u00e1vado"},"content":{"rendered":"<p>Die achte Auflage des Transc\u00e1vado, die am 28. und 29. September stattfindet, soll das Gebiet als wichtiges Produkt des Sporttourismus wieder bekannt machen. Die diesj\u00e4hrige Veranstaltung verbindet Montalegre (Nascente do C\u00e1vado) mit Esposende (Foz) und f\u00fchrt durch neun Gemeinden (Montalegre, Terras de Bouro, Vieira do Minho, P\u00f3voa de Lanhoso, Amares, Vila Verde, Braga, Barcelos und Esposende) in den Bezirken Braga und Vila Real.<\/p>\n<p>RENNEN \ud83d\udd34<\/p>\n<p>28. September \u27b0 150 km<\/p>\n<p>LANGSAMES RENNEN \ud83d\udd35<\/p>\n<p>28. September \u27b0 70 km<\/p>\n<p>29. September\u27b0 80 km<\/p>\n","protected":false},"excerpt":{"rendered":"<p>Die achte Auflage des Transc\u00e1vado, die am 28. und 29. September stattfindet, soll das Gebiet als wichtiges Produkt des Sporttourismus wieder bekannt machen. Die diesj\u00e4hrige Veranstaltung verbindet Montalegre (Nascente do C\u00e1vado) mit Esposende (Foz) und f\u00fchrt durch neun Gemeinden (Montalegre, [&hellip;]<\/p>\n","protected":false},"author":5,"featured_media":24805,"comment_status":"closed","ping_status":"closed","template":"","tags":[],"mec_category":[719],"_links":{"self":[{"href":"https:\/\/visitaltotamegaebarroso.pt\/de\/wp-json\/wp\/v2\/mec-events\/24809"}],"collection":[{"href":"https:\/\/visitaltotamegaebarroso.pt\/de\/wp-json\/wp\/v2\/mec-events"}],"about":[{"href":"https:\/\/visitaltotamegaebarroso.pt\/de\/wp-json\/wp\/v2\/types\/mec-events"}],"author":[{"embeddable":true,"href":"https:\/\/visitaltotamegaebarroso.pt\/de\/wp-json\/wp\/v2\/users\/5"}],"replies":[{"embeddable":true,"href":"https:\/\/visitaltotamegaebarroso.pt\/de\/wp-json\/wp\/v2\/comments?post=24809"}],"wp:featuredmedia":[{"embeddable":true,"href":"https:\/\/visitaltotamegaebarroso.pt\/de\/wp-json\/wp\/v2\/media\/24805"}],"wp:attachment":[{"href":"https:\/\/visitaltotamegaebarroso.pt\/de\/wp-json\/wp\/v2\/media?parent=24809"}],"wp:term":[{"taxonomy":"post_tag","embeddable":true,"href":"https:\/\/visitaltotamegaebarroso.pt\/de\/wp-json\/wp\/v2\/tags?post=24809"},{"taxonomy":"mec_category","embeddable":true,"href":"https:\/\/visitaltotamegaebarroso.pt\/de\/wp-json\/wp\/v2\/mec_category?post=24809"}],"curies":[{"name":"wp","href":"https:\/\/api.w.org\/{rel}","templated":true}]}}