{"id":24499,"date":"2023-12-13T17:09:24","date_gmt":"2023-12-13T17:09:24","guid":{"rendered":"https:\/\/visitaltotamegaebarroso.pt\/events\/wish-die-macht-der-wuensche\/"},"modified":"2023-12-13T17:09:24","modified_gmt":"2023-12-13T17:09:24","slug":"wish-die-macht-der-wuensche","status":"publish","type":"mec-events","link":"https:\/\/visitaltotamegaebarroso.pt\/de\/events\/wish-die-macht-der-wuensche\/","title":{"rendered":"Wish &#8211; Die Macht der W\u00fcnsche"},"content":{"rendered":"<p>Die n\u00e4chste Premiere im Kommunalen Kino Ribeira de Pena ist der Film &#8222;Wish: The Power of Wishes&#8220; am 17. Dezember um 15 Uhr.<\/p>\n<p>Walt Disney Animation Studios pr\u00e4sentiert uns ein neues Abenteuer, eine animierte Musikkom\u00f6die, die uns in ein magisches K\u00f6nigreich f\u00fchrt, in dem ein junges M\u00e4dchen, Asha, einen Wunsch \u00e4u\u00dfert, der so m\u00e4chtig ist, dass er von einer kosmischen Kraft, einem Energieball namens Estrela, erf\u00fcllt wird. Asha und Estrela beginnen ein gro\u00dfartiges Abenteuer gegen einen gemeinsamen Feind, den herrlichen K\u00f6nig, der \u00fcber Roses herrscht. Sie werden allen beweisen, dass au\u00dfergew\u00f6hnliche Dinge erreicht werden k\u00f6nnen, wenn der menschliche Wille auf die Magie der Sterne trifft.<\/p>\n<p>Dieses musikalische Abenteuer voller Magie darf man nicht verpassen!<\/p>\n<p>Alter: ab 6 Jahren.<\/p>\n","protected":false},"excerpt":{"rendered":"<p>Die n\u00e4chste Premiere im Kommunalen Kino Ribeira de Pena ist der Film &#8222;Wish: The Power of Wishes&#8220; am 17. Dezember um 15 Uhr. Walt Disney Animation Studios pr\u00e4sentiert uns ein neues Abenteuer, eine animierte Musikkom\u00f6die, die uns in ein magisches [&hellip;]<\/p>\n","protected":false},"author":5,"featured_media":24495,"comment_status":"closed","ping_status":"closed","template":"","tags":[],"mec_category":[717],"_links":{"self":[{"href":"https:\/\/visitaltotamegaebarroso.pt\/de\/wp-json\/wp\/v2\/mec-events\/24499"}],"collection":[{"href":"https:\/\/visitaltotamegaebarroso.pt\/de\/wp-json\/wp\/v2\/mec-events"}],"about":[{"href":"https:\/\/visitaltotamegaebarroso.pt\/de\/wp-json\/wp\/v2\/types\/mec-events"}],"author":[{"embeddable":true,"href":"https:\/\/visitaltotamegaebarroso.pt\/de\/wp-json\/wp\/v2\/users\/5"}],"replies":[{"embeddable":true,"href":"https:\/\/visitaltotamegaebarroso.pt\/de\/wp-json\/wp\/v2\/comments?post=24499"}],"wp:featuredmedia":[{"embeddable":true,"href":"https:\/\/visitaltotamegaebarroso.pt\/de\/wp-json\/wp\/v2\/media\/24495"}],"wp:attachment":[{"href":"https:\/\/visitaltotamegaebarroso.pt\/de\/wp-json\/wp\/v2\/media?parent=24499"}],"wp:term":[{"taxonomy":"post_tag","embeddable":true,"href":"https:\/\/visitaltotamegaebarroso.pt\/de\/wp-json\/wp\/v2\/tags?post=24499"},{"taxonomy":"mec_category","embeddable":true,"href":"https:\/\/visitaltotamegaebarroso.pt\/de\/wp-json\/wp\/v2\/mec_category?post=24499"}],"curies":[{"name":"wp","href":"https:\/\/api.w.org\/{rel}","templated":true}]}}