{"id":24398,"date":"2023-11-28T16:14:50","date_gmt":"2023-11-28T16:14:50","guid":{"rendered":"https:\/\/visitaltotamegaebarroso.pt\/events\/weihnachten-fuer-aeltere-menschen-in-der-gemeinde-boticas-2023\/"},"modified":"2023-11-28T16:14:50","modified_gmt":"2023-11-28T16:14:50","slug":"weihnachten-fuer-aeltere-menschen-in-der-gemeinde-boticas-2023","status":"publish","type":"mec-events","link":"https:\/\/visitaltotamegaebarroso.pt\/de\/events\/weihnachten-fuer-aeltere-menschen-in-der-gemeinde-boticas-2023\/","title":{"rendered":"Weihnachten f\u00fcr \u00e4ltere Menschen in der Gemeinde Boticas 2023"},"content":{"rendered":"<p><strong>Am Freitag, den 8. Dezember, findet im Mehrzweckpavillon von Boticas eine weitere Ausgabe der Boticas-Weihnacht f\u00fcr \u00e4ltere Menschen statt. Die Teilnehmer werden um 10 Uhr begr\u00fc\u00dft, gefolgt von einer Heiligen Messe um 11 Uhr. Das Mittagessen wird um 12 Uhr serviert, und der Nachmittag steht im Zeichen der Unterhaltung.<\/strong><\/p>\n<p>Wenn Sie \u00fcber 60 Jahre alt sind und sich f\u00fcr diese Initiative anmelden m\u00f6chten, k\u00f6nnen Sie dies im Rathaus, in der Santa Casa da Miseric\u00f3rdia, im jeweiligen Pfarrgemeinderat oder im B\u00fcro f\u00fcr B\u00fcrgerbetreuung tun.<\/p>\n","protected":false},"excerpt":{"rendered":"<p>Am Freitag, den 8. Dezember, findet im Mehrzweckpavillon von Boticas eine weitere Ausgabe der Boticas-Weihnacht f\u00fcr \u00e4ltere Menschen statt. Die Teilnehmer werden um 10 Uhr begr\u00fc\u00dft, gefolgt von einer Heiligen Messe um 11 Uhr. Das Mittagessen wird um 12 Uhr [&hellip;]<\/p>\n","protected":false},"author":4,"featured_media":24395,"comment_status":"closed","ping_status":"closed","template":"","tags":[],"mec_category":[725],"_links":{"self":[{"href":"https:\/\/visitaltotamegaebarroso.pt\/de\/wp-json\/wp\/v2\/mec-events\/24398"}],"collection":[{"href":"https:\/\/visitaltotamegaebarroso.pt\/de\/wp-json\/wp\/v2\/mec-events"}],"about":[{"href":"https:\/\/visitaltotamegaebarroso.pt\/de\/wp-json\/wp\/v2\/types\/mec-events"}],"author":[{"embeddable":true,"href":"https:\/\/visitaltotamegaebarroso.pt\/de\/wp-json\/wp\/v2\/users\/4"}],"replies":[{"embeddable":true,"href":"https:\/\/visitaltotamegaebarroso.pt\/de\/wp-json\/wp\/v2\/comments?post=24398"}],"wp:featuredmedia":[{"embeddable":true,"href":"https:\/\/visitaltotamegaebarroso.pt\/de\/wp-json\/wp\/v2\/media\/24395"}],"wp:attachment":[{"href":"https:\/\/visitaltotamegaebarroso.pt\/de\/wp-json\/wp\/v2\/media?parent=24398"}],"wp:term":[{"taxonomy":"post_tag","embeddable":true,"href":"https:\/\/visitaltotamegaebarroso.pt\/de\/wp-json\/wp\/v2\/tags?post=24398"},{"taxonomy":"mec_category","embeddable":true,"href":"https:\/\/visitaltotamegaebarroso.pt\/de\/wp-json\/wp\/v2\/mec_category?post=24398"}],"curies":[{"name":"wp","href":"https:\/\/api.w.org\/{rel}","templated":true}]}}