{"id":24317,"date":"2023-11-24T14:57:14","date_gmt":"2023-11-24T14:57:14","guid":{"rendered":"https:\/\/visitaltotamegaebarroso.pt\/events\/apropos-musik-das-symphonieorchester-braga-laedt-joao-martinho-ein\/"},"modified":"2023-11-24T14:57:14","modified_gmt":"2023-11-24T14:57:14","slug":"apropos-musik-das-symphonieorchester-braga-laedt-joao-martinho-ein","status":"publish","type":"mec-events","link":"https:\/\/visitaltotamegaebarroso.pt\/de\/events\/apropos-musik-das-symphonieorchester-braga-laedt-joao-martinho-ein\/","title":{"rendered":"Apropos Musik &#8211; Das Symphonieorchester Braga l\u00e4dt Jo\u00e3o Martinho ein"},"content":{"rendered":"<p>Das Kunst- und Kulturauditorium Lu\u00eds Teixeira ist am kommenden Sonntag, dem 26. November, um 18 Uhr Schauplatz einer musikalischen Darbietung des Orquestra Sinfonietta de Braga, an der insbesondere der Solist Jo\u00e3o Martinho beteiligt ist.<\/p>\n","protected":false},"excerpt":{"rendered":"<p>Das Kunst- und Kulturauditorium Lu\u00eds Teixeira ist am kommenden Sonntag, dem 26. November, um 18 Uhr Schauplatz einer musikalischen Darbietung des Orquestra Sinfonietta de Braga, an der insbesondere der Solist Jo\u00e3o Martinho beteiligt ist.<\/p>\n","protected":false},"author":5,"featured_media":24313,"comment_status":"closed","ping_status":"closed","template":"","tags":[],"mec_category":[717],"_links":{"self":[{"href":"https:\/\/visitaltotamegaebarroso.pt\/de\/wp-json\/wp\/v2\/mec-events\/24317"}],"collection":[{"href":"https:\/\/visitaltotamegaebarroso.pt\/de\/wp-json\/wp\/v2\/mec-events"}],"about":[{"href":"https:\/\/visitaltotamegaebarroso.pt\/de\/wp-json\/wp\/v2\/types\/mec-events"}],"author":[{"embeddable":true,"href":"https:\/\/visitaltotamegaebarroso.pt\/de\/wp-json\/wp\/v2\/users\/5"}],"replies":[{"embeddable":true,"href":"https:\/\/visitaltotamegaebarroso.pt\/de\/wp-json\/wp\/v2\/comments?post=24317"}],"wp:featuredmedia":[{"embeddable":true,"href":"https:\/\/visitaltotamegaebarroso.pt\/de\/wp-json\/wp\/v2\/media\/24313"}],"wp:attachment":[{"href":"https:\/\/visitaltotamegaebarroso.pt\/de\/wp-json\/wp\/v2\/media?parent=24317"}],"wp:term":[{"taxonomy":"post_tag","embeddable":true,"href":"https:\/\/visitaltotamegaebarroso.pt\/de\/wp-json\/wp\/v2\/tags?post=24317"},{"taxonomy":"mec_category","embeddable":true,"href":"https:\/\/visitaltotamegaebarroso.pt\/de\/wp-json\/wp\/v2\/mec_category?post=24317"}],"curies":[{"name":"wp","href":"https:\/\/api.w.org\/{rel}","templated":true}]}}