{"id":24307,"date":"2023-11-21T17:00:18","date_gmt":"2023-11-21T17:00:18","guid":{"rendered":"https:\/\/visitaltotamegaebarroso.pt\/events\/chaves-vorstellung-des-buches-baile-das-estrelas\/"},"modified":"2023-11-21T17:00:18","modified_gmt":"2023-11-21T17:00:18","slug":"chaves-vorstellung-des-buches-baile-das-estrelas","status":"publish","type":"mec-events","link":"https:\/\/visitaltotamegaebarroso.pt\/de\/events\/chaves-vorstellung-des-buches-baile-das-estrelas\/","title":{"rendered":"Chaves | Vorstellung des Buches &#8222;Baile das Estrelas&#8220;"},"content":{"rendered":"<p>Am Samstag, den 25. November um 16 Uhr findet in der Stadtbibliothek von Chaves die Vorstellung des Buches &#8222;Baile das Estrelas&#8220; von Nuno Gon\u00e7alves, illustriert von Maria Jo\u00e3o Victorino, statt.<\/p>\n<p>Es handelt sich um eine bezaubernde Geschichte \u00fcber die Suche nach Liebe und die Bedeutung von Freundschaft, in der der Glanz und die Zuneigung der Sterne alle Kinder der Welt erreichen.<\/p>\n<p>Das Buch erz\u00e4hlt die Geschichte von Luana, einem kleinen M\u00e4dchen, das von der Sch\u00f6nheit des Sternenhimmels geblendet ist und die Gelegenheit hat, eine besondere Begegnung zwischen zwei Sternen zu beobachten. Sie scheinen ein Abenteuer der Freundschaft und Kameradschaft zu erleben, immer mit dem Mond als Zeugen.<\/p>\n<p>Der Kinderg\u00e4rtner Nuno Gon\u00e7alves hat einen Master in Erziehungswissenschaften und ist Sonderschullehrer mit den Schwerpunkten Fr\u00fchf\u00f6rderung und kognitiv-motorische F\u00e4higkeiten. Er erhielt au\u00dferdem eine lobende Erw\u00e4hnung beim Global Teacher Prize 2023.<\/p>\n","protected":false},"excerpt":{"rendered":"<p>Am Samstag, den 25. November um 16 Uhr findet in der Stadtbibliothek von Chaves die Vorstellung des Buches &#8222;Baile das Estrelas&#8220; von Nuno Gon\u00e7alves, illustriert von Maria Jo\u00e3o Victorino, statt. Es handelt sich um eine bezaubernde Geschichte \u00fcber die Suche [&hellip;]<\/p>\n","protected":false},"author":4,"featured_media":24303,"comment_status":"closed","ping_status":"closed","template":"","tags":[],"mec_category":[717],"_links":{"self":[{"href":"https:\/\/visitaltotamegaebarroso.pt\/de\/wp-json\/wp\/v2\/mec-events\/24307"}],"collection":[{"href":"https:\/\/visitaltotamegaebarroso.pt\/de\/wp-json\/wp\/v2\/mec-events"}],"about":[{"href":"https:\/\/visitaltotamegaebarroso.pt\/de\/wp-json\/wp\/v2\/types\/mec-events"}],"author":[{"embeddable":true,"href":"https:\/\/visitaltotamegaebarroso.pt\/de\/wp-json\/wp\/v2\/users\/4"}],"replies":[{"embeddable":true,"href":"https:\/\/visitaltotamegaebarroso.pt\/de\/wp-json\/wp\/v2\/comments?post=24307"}],"wp:featuredmedia":[{"embeddable":true,"href":"https:\/\/visitaltotamegaebarroso.pt\/de\/wp-json\/wp\/v2\/media\/24303"}],"wp:attachment":[{"href":"https:\/\/visitaltotamegaebarroso.pt\/de\/wp-json\/wp\/v2\/media?parent=24307"}],"wp:term":[{"taxonomy":"post_tag","embeddable":true,"href":"https:\/\/visitaltotamegaebarroso.pt\/de\/wp-json\/wp\/v2\/tags?post=24307"},{"taxonomy":"mec_category","embeddable":true,"href":"https:\/\/visitaltotamegaebarroso.pt\/de\/wp-json\/wp\/v2\/mec_category?post=24307"}],"curies":[{"name":"wp","href":"https:\/\/api.w.org\/{rel}","templated":true}]}}