{"id":22795,"date":"2023-09-25T15:54:32","date_gmt":"2023-09-25T14:54:32","guid":{"rendered":"https:\/\/visitaltotamegaebarroso.pt\/events\/grosse-ferien\/"},"modified":"2023-09-25T15:54:32","modified_gmt":"2023-09-25T14:54:32","slug":"grosse-ferien","status":"publish","type":"mec-events","link":"https:\/\/visitaltotamegaebarroso.pt\/de\/events\/grosse-ferien\/","title":{"rendered":"Gro\u00dfe Ferien"},"content":{"rendered":"<p>Das Projekt &#8220; Freir\u00e4ume im Gr\u00fcnen&#8220;, dessen Hauptziel es ist, die Freizeit von Kindern und Jugendlichen in der Gemeinde Valpa\u00e7os zu gestalten, wird erneut durchgef\u00fchrt.<\/p>\n<p>Ziel dieser Initiative ist es, ein breit gef\u00e4chertes Angebot an sportlichen, kulturellen und erzieherischen Aktivit\u00e4ten in v\u00f6lliger Sicherheit anzubieten und das soziale Miteinander der j\u00fcngsten Einwohner zu f\u00f6rdern.<\/p>\n<p>Sie beginnt am 3. Juli in Carrazedo de Montenegro, Vilarandelo und Erv\u00f5es und am 7. Juli in Valpa\u00e7os.<\/p>\n<p>Die Anmeldung erfolgt \u00fcber den Link https:\/\/valpacos.pt\/pages\/397 , am Serviceschalter des Rathauses von Valpa\u00e7os oder bei der jeweiligen Gemeindeverwaltung.<\/p>\n","protected":false},"excerpt":{"rendered":"<p>Das Projekt &#8220; Freir\u00e4ume im Gr\u00fcnen&#8220;, dessen Hauptziel es ist, die Freizeit von Kindern und Jugendlichen in der Gemeinde Valpa\u00e7os zu gestalten, wird erneut durchgef\u00fchrt. Ziel dieser Initiative ist es, ein breit gef\u00e4chertes Angebot an sportlichen, kulturellen und erzieherischen Aktivit\u00e4ten [&hellip;]<\/p>\n","protected":false},"author":5,"featured_media":22666,"comment_status":"closed","ping_status":"closed","template":"","tags":[],"mec_category":[719],"_links":{"self":[{"href":"https:\/\/visitaltotamegaebarroso.pt\/de\/wp-json\/wp\/v2\/mec-events\/22795"}],"collection":[{"href":"https:\/\/visitaltotamegaebarroso.pt\/de\/wp-json\/wp\/v2\/mec-events"}],"about":[{"href":"https:\/\/visitaltotamegaebarroso.pt\/de\/wp-json\/wp\/v2\/types\/mec-events"}],"author":[{"embeddable":true,"href":"https:\/\/visitaltotamegaebarroso.pt\/de\/wp-json\/wp\/v2\/users\/5"}],"replies":[{"embeddable":true,"href":"https:\/\/visitaltotamegaebarroso.pt\/de\/wp-json\/wp\/v2\/comments?post=22795"}],"wp:featuredmedia":[{"embeddable":true,"href":"https:\/\/visitaltotamegaebarroso.pt\/de\/wp-json\/wp\/v2\/media\/22666"}],"wp:attachment":[{"href":"https:\/\/visitaltotamegaebarroso.pt\/de\/wp-json\/wp\/v2\/media?parent=22795"}],"wp:term":[{"taxonomy":"post_tag","embeddable":true,"href":"https:\/\/visitaltotamegaebarroso.pt\/de\/wp-json\/wp\/v2\/tags?post=22795"},{"taxonomy":"mec_category","embeddable":true,"href":"https:\/\/visitaltotamegaebarroso.pt\/de\/wp-json\/wp\/v2\/mec_category?post=22795"}],"curies":[{"name":"wp","href":"https:\/\/api.w.org\/{rel}","templated":true}]}}