{"id":21911,"date":"2023-08-04T00:44:15","date_gmt":"2023-08-04T00:44:15","guid":{"rendered":"https:\/\/visitaltotamegaebarroso.pt\/events\/die-daemonen-meines-grossvaters\/"},"modified":"2023-08-04T00:44:15","modified_gmt":"2023-08-04T00:44:15","slug":"die-daemonen-meines-grossvaters","status":"publish","type":"mec-events","link":"https:\/\/visitaltotamegaebarroso.pt\/de\/events\/die-daemonen-meines-grossvaters\/","title":{"rendered":"Die D\u00e4monen meines Gro\u00dfvaters"},"content":{"rendered":"<p>Rosa kehrt an den Ort zur\u00fcck, an dem sie aufgewachsen ist, als sie erf\u00e4hrt, dass ihr Gro\u00dfvater, mit dem sie in den letzten Jahren nicht viel Zeit verbracht hatte, verstorben ist. Dort entdeckt sie das Erbe, das ihr hinterlassen wurde, und beschlie\u00dft, mit Hilfe der von ihrem Gro\u00dfvater modellierten Tond\u00e4monen, die zum Leben erwachen und mit ihr sprechen, alles zur\u00fcckzugewinnen.<\/p>\n<p>Nicht zu verpassen am 6. August um 16 Uhr im Auditorium f\u00fcr Kunst und Kultur Lu\u00eds Teixeira.<\/p>\n","protected":false},"excerpt":{"rendered":"<p>Rosa kehrt an den Ort zur\u00fcck, an dem sie aufgewachsen ist, als sie erf\u00e4hrt, dass ihr Gro\u00dfvater, mit dem sie in den letzten Jahren nicht viel Zeit verbracht hatte, verstorben ist. Dort entdeckt sie das Erbe, das ihr hinterlassen wurde, [&hellip;]<\/p>\n","protected":false},"author":2,"featured_media":21871,"comment_status":"","ping_status":"closed","template":"","tags":[],"mec_category":[717],"_links":{"self":[{"href":"https:\/\/visitaltotamegaebarroso.pt\/de\/wp-json\/wp\/v2\/mec-events\/21911"}],"collection":[{"href":"https:\/\/visitaltotamegaebarroso.pt\/de\/wp-json\/wp\/v2\/mec-events"}],"about":[{"href":"https:\/\/visitaltotamegaebarroso.pt\/de\/wp-json\/wp\/v2\/types\/mec-events"}],"author":[{"embeddable":true,"href":"https:\/\/visitaltotamegaebarroso.pt\/de\/wp-json\/wp\/v2\/users\/2"}],"replies":[{"embeddable":true,"href":"https:\/\/visitaltotamegaebarroso.pt\/de\/wp-json\/wp\/v2\/comments?post=21911"}],"wp:featuredmedia":[{"embeddable":true,"href":"https:\/\/visitaltotamegaebarroso.pt\/de\/wp-json\/wp\/v2\/media\/21871"}],"wp:attachment":[{"href":"https:\/\/visitaltotamegaebarroso.pt\/de\/wp-json\/wp\/v2\/media?parent=21911"}],"wp:term":[{"taxonomy":"post_tag","embeddable":true,"href":"https:\/\/visitaltotamegaebarroso.pt\/de\/wp-json\/wp\/v2\/tags?post=21911"},{"taxonomy":"mec_category","embeddable":true,"href":"https:\/\/visitaltotamegaebarroso.pt\/de\/wp-json\/wp\/v2\/mec_category?post=21911"}],"curies":[{"name":"wp","href":"https:\/\/api.w.org\/{rel}","templated":true}]}}